{"id":2471,"date":"2024-02-12T11:00:06","date_gmt":"2024-02-12T11:00:06","guid":{"rendered":"https:\/\/pedagogi.si\/?page_id=2471"},"modified":"2024-03-06T20:16:00","modified_gmt":"2024-03-06T20:16:00","slug":"dogodki","status":"publish","type":"page","link":"https:\/\/pedagogi.si\/index.php\/dogodki\/","title":{"rendered":"Dogodki"},"content":{"rendered":"<div class=\"fusion-fullwidth fullwidth-box fusion-builder-row-1 fusion-flex-container nonhundred-percent-fullwidth non-hundred-percent-height-scrolling\" style=\"--awb-border-radius-top-left:0px;--awb-border-radius-top-right:0px;--awb-border-radius-bottom-right:0px;--awb-border-radius-bottom-left:0px;--awb-padding-top:50px;--awb-padding-top-medium:40px;--awb-padding-bottom-medium:48px;--awb-padding-top-small:0px;--awb-padding-bottom-small:20px;--awb-flex-wrap:wrap;\" ><div class=\"fusion-builder-row fusion-row fusion-flex-align-items-flex-start fusion-flex-justify-content-center fusion-flex-content-wrap\" style=\"max-width:1310.4px;margin-left: calc(-4% \/ 2 );margin-right: calc(-4% \/ 2 );\"><div class=\"fusion-layout-column fusion_builder_column fusion-builder-column-0 fusion_builder_column_1_1 1_1 fusion-flex-column\" style=\"--awb-bg-size:cover;--awb-width-large:100%;--awb-margin-top-large:20px;--awb-spacing-right-large:1.92%;--awb-margin-bottom-large:20px;--awb-spacing-left-large:1.92%;--awb-width-medium:66.666666666667%;--awb-order-medium:0;--awb-spacing-right-medium:2.88%;--awb-spacing-left-medium:2.88%;--awb-width-small:100%;--awb-order-small:0;--awb-spacing-right-small:1.92%;--awb-spacing-left-small:1.92%;\"><div class=\"fusion-column-wrapper fusion-column-has-shadow fusion-flex-justify-content-flex-start fusion-content-layout-column\"><div class=\"fusion-title title fusion-title-1 fusion-sep-none fusion-title-center fusion-title-text fusion-title-size-two\" style=\"--awb-margin-top-small:10px;--awb-margin-right-small:0px;--awb-margin-bottom-small:20px;--awb-margin-left-small:0px;\"><h2 class=\"fusion-title-heading title-heading-center fusion-responsive-typography-calculated\" style=\"margin:0;--fontSize:48;line-height:1.2;\">Javne razprave<\/h2><\/div><div class=\"fusion-recent-posts fusion-recent-posts-1 avada-container layout-default layout-columns-3\"><section class=\"fusion-columns columns fusion-columns-3 columns-3\"><article class=\"post fusion-column column col col-lg-4 col-md-4 col-sm-4\"><div class=\"fusion-flexslider fusion-flexslider-loading flexslider flexslider-hover-type-zoomin\"><ul class=\"slides\"><li><a href=\"https:\/\/pedagogi.si\/index.php\/2025\/10\/13\/okrogla-miza\/\" aria-label=\"OKROGLA MIZA: Odprta vpra\u0161anja prenove \u0161tudijskih programov za izobra\u017eevanje u\u010diteljev\" class=\"hover-type-zoomin\"><img decoding=\"async\" width=\"586\" height=\"441\" src=\"data:image\/svg+xml,%3Csvg%20xmlns%3D%27http%3A%2F%2Fwww.w3.org%2F2000%2Fsvg%27%20width%3D%272560%27%20height%3D%271928%27%20viewBox%3D%270%200%202560%201928%27%3E%3Crect%20width%3D%272560%27%20height%3D%271928%27%20fill-opacity%3D%220%22%2F%3E%3C%2Fsvg%3E\" class=\"attachment-recent-posts size-recent-posts lazyload\" alt=\"\" data-orig-src=\"https:\/\/pedagogi.si\/wp-content\/uploads\/upf-docs\/usr4_1759740958_Okrogla-miza_PSPNOO_5-scaled.jpg\" \/><\/a><\/li><\/ul><\/div><div class=\"recent-posts-content\"><span class=\"vcard\" style=\"display: none;\"><span class=\"fn\"><a href=\"https:\/\/pedagogi.si\/index.php\/author\/pedago71\/\" title=\"Prispevki od admin\" rel=\"author\">admin<\/a><\/span><\/span><span class=\"updated\" style=\"display:none;\">2025-10-13T16:34:00+00:00<\/span><h4 class=\"entry-title\"><a href=\"https:\/\/pedagogi.si\/index.php\/2025\/10\/13\/okrogla-miza\/\">OKROGLA MIZA: Odprta vpra\u0161anja prenove \u0161tudijskih programov za izobra\u017eevanje u\u010diteljev<\/a><\/h4><p class=\"meta\"><span class=\"vcard\" style=\"display: none;\"><span class=\"fn\"><a href=\"https:\/\/pedagogi.si\/index.php\/author\/pedago71\/\" title=\"Prispevki od admin\" rel=\"author\">admin<\/a><\/span><\/span><span class=\"updated\" style=\"display:none;\">2025-10-13T16:34:00+00:00<\/span><span>13 oktobra, 2025<\/span><span class=\"fusion-inline-sep\">|<\/span><\/p><p>OKROGLA MIZA: Odprta vpra\u0161anja prenove \u0161tudijskih programov za izobra\u017eevanje u\u010diteljev<\/p><\/div><\/article><article class=\"post fusion-column column col col-lg-4 col-md-4 col-sm-4\"><div class=\"fusion-flexslider fusion-flexslider-loading flexslider flexslider-hover-type-zoomin\"><ul class=\"slides\"><li><a href=\"https:\/\/pedagogi.si\/index.php\/2024\/02\/05\/javna-razprava-o-kompetencnem-profilu-svetovalnega-delavca\/\" aria-label=\"Javna razprava o kompeten\u010dnem profilu svetovalnega delavca\" class=\"hover-type-zoomin\"><img decoding=\"async\" width=\"700\" height=\"441\" src=\"https:\/\/pedagogi.si\/wp-content\/uploads\/2024\/03\/Javna-razprava-o-KP-svetovalnega-delavca-1-700x441.jpg\" class=\"attachment-recent-posts size-recent-posts lazyload\" alt=\"\" srcset=\"data:image\/svg+xml,%3Csvg%20xmlns%3D%27http%3A%2F%2Fwww.w3.org%2F2000%2Fsvg%27%20width%3D%272560%27%20height%3D%271613%27%20viewBox%3D%270%200%202560%201613%27%3E%3Crect%20width%3D%272560%27%20height%3D%271613%27%20fill-opacity%3D%220%22%2F%3E%3C%2Fsvg%3E\" data-orig-src=\"https:\/\/pedagogi.si\/wp-content\/uploads\/2024\/03\/Javna-razprava-o-KP-svetovalnega-delavca-1-700x441.jpg\" data-srcset=\"https:\/\/pedagogi.si\/wp-content\/uploads\/2024\/03\/Javna-razprava-o-KP-svetovalnega-delavca-1-200x126.jpg 200w, https:\/\/pedagogi.si\/wp-content\/uploads\/2024\/03\/Javna-razprava-o-KP-svetovalnega-delavca-1-300x189.jpg 300w, https:\/\/pedagogi.si\/wp-content\/uploads\/2024\/03\/Javna-razprava-o-KP-svetovalnega-delavca-1-320x202.jpg 320w, https:\/\/pedagogi.si\/wp-content\/uploads\/2024\/03\/Javna-razprava-o-KP-svetovalnega-delavca-1-400x252.jpg 400w, https:\/\/pedagogi.si\/wp-content\/uploads\/2024\/03\/Javna-razprava-o-KP-svetovalnega-delavca-1-600x378.jpg 600w, https:\/\/pedagogi.si\/wp-content\/uploads\/2024\/03\/Javna-razprava-o-KP-svetovalnega-delavca-1-700x441.jpg 700w, https:\/\/pedagogi.si\/wp-content\/uploads\/2024\/03\/Javna-razprava-o-KP-svetovalnega-delavca-1-768x484.jpg 768w, https:\/\/pedagogi.si\/wp-content\/uploads\/2024\/03\/Javna-razprava-o-KP-svetovalnega-delavca-1-800x504.jpg 800w, https:\/\/pedagogi.si\/wp-content\/uploads\/2024\/03\/Javna-razprava-o-KP-svetovalnega-delavca-1-1024x645.jpg 1024w, https:\/\/pedagogi.si\/wp-content\/uploads\/2024\/03\/Javna-razprava-o-KP-svetovalnega-delavca-1-1200x756.jpg 1200w, https:\/\/pedagogi.si\/wp-content\/uploads\/2024\/03\/Javna-razprava-o-KP-svetovalnega-delavca-1-1536x968.jpg 1536w\" data-sizes=\"auto\" \/><\/a><\/li><\/ul><\/div><div class=\"recent-posts-content\"><span class=\"vcard\" style=\"display: none;\"><span class=\"fn\"><a href=\"https:\/\/pedagogi.si\/index.php\/author\/pedago71\/\" title=\"Prispevki od admin\" rel=\"author\">admin<\/a><\/span><\/span><span class=\"updated\" style=\"display:none;\">2024-03-13T09:00:44+00:00<\/span><h4 class=\"entry-title\"><a href=\"https:\/\/pedagogi.si\/index.php\/2024\/02\/05\/javna-razprava-o-kompetencnem-profilu-svetovalnega-delavca\/\">Javna razprava o kompeten\u010dnem profilu svetovalnega delavca<\/a><\/h4><p class=\"meta\"><span class=\"vcard\" style=\"display: none;\"><span class=\"fn\"><a href=\"https:\/\/pedagogi.si\/index.php\/author\/pedago71\/\" title=\"Prispevki od admin\" rel=\"author\">admin<\/a><\/span><\/span><span class=\"updated\" style=\"display:none;\">2024-03-13T09:00:44+00:00<\/span><span>5 februarja, 2024<\/span><span class=\"fusion-inline-sep\">|<\/span><\/p><p>Javna razprava o kompeten\u010dnem profilu svetovalnega delavca<\/p><\/div><\/article><article class=\"post fusion-column column col col-lg-4 col-md-4 col-sm-4\"><div class=\"fusion-flexslider fusion-flexslider-loading flexslider flexslider-hover-type-zoomin\"><ul class=\"slides\"><li><a href=\"https:\/\/pedagogi.si\/index.php\/2024\/02\/02\/javna-razprava-o-kompetencnem-profilu-ucitelja-predmetnega-pouka\/\" aria-label=\"Javna razprava o kompeten\u010dnem profilu u\u010ditelja predmetnega pouka\" class=\"hover-type-zoomin\"><img decoding=\"async\" width=\"700\" height=\"441\" src=\"https:\/\/pedagogi.si\/wp-content\/uploads\/2024\/02\/Javna_razprava_pef-700x441.jpg\" class=\"attachment-recent-posts size-recent-posts lazyload\" alt=\"\" srcset=\"data:image\/svg+xml,%3Csvg%20xmlns%3D%27http%3A%2F%2Fwww.w3.org%2F2000%2Fsvg%27%20width%3D%272560%27%20height%3D%271920%27%20viewBox%3D%270%200%202560%201920%27%3E%3Crect%20width%3D%272560%27%20height%3D%271920%27%20fill-opacity%3D%220%22%2F%3E%3C%2Fsvg%3E\" data-orig-src=\"https:\/\/pedagogi.si\/wp-content\/uploads\/2024\/02\/Javna_razprava_pef-700x441.jpg\" data-srcset=\"https:\/\/pedagogi.si\/wp-content\/uploads\/2024\/02\/Javna_razprava_pef-320x202.jpg 320w, https:\/\/pedagogi.si\/wp-content\/uploads\/2024\/02\/Javna_razprava_pef-700x441.jpg 700w\" data-sizes=\"auto\" \/><\/a><\/li><\/ul><\/div><div class=\"recent-posts-content\"><span class=\"vcard\" style=\"display: none;\"><span class=\"fn\"><a href=\"https:\/\/pedagogi.si\/index.php\/author\/pedago71\/\" title=\"Prispevki od admin\" rel=\"author\">admin<\/a><\/span><\/span><span class=\"updated\" style=\"display:none;\">2024-03-13T13:25:44+00:00<\/span><h4 class=\"entry-title\"><a href=\"https:\/\/pedagogi.si\/index.php\/2024\/02\/02\/javna-razprava-o-kompetencnem-profilu-ucitelja-predmetnega-pouka\/\">Javna razprava o kompeten\u010dnem profilu u\u010ditelja predmetnega pouka<\/a><\/h4><p class=\"meta\"><span class=\"vcard\" style=\"display: none;\"><span class=\"fn\"><a href=\"https:\/\/pedagogi.si\/index.php\/author\/pedago71\/\" title=\"Prispevki od admin\" rel=\"author\">admin<\/a><\/span><\/span><span class=\"updated\" style=\"display:none;\">2024-03-13T13:25:44+00:00<\/span><span>2 februarja, 2024<\/span><span class=\"fusion-inline-sep\">|<\/span><\/p><p>Javna razprava o kompeten\u010dnem profilu u\u010ditelja predmetnega pouka<\/p><\/div><\/article><\/section><\/div><\/div><\/div><div class=\"fusion-layout-column fusion_builder_column fusion-builder-column-1 fusion_builder_column_1_1 1_1 fusion-flex-column\" style=\"--awb-bg-size:cover;--awb-width-large:100%;--awb-margin-top-large:20px;--awb-spacing-right-large:1.92%;--awb-margin-bottom-large:20px;--awb-spacing-left-large:1.92%;--awb-width-medium:66.666666666667%;--awb-order-medium:0;--awb-spacing-right-medium:2.88%;--awb-spacing-left-medium:2.88%;--awb-width-small:100%;--awb-order-small:0;--awb-spacing-right-small:1.92%;--awb-spacing-left-small:1.92%;\"><div class=\"fusion-column-wrapper fusion-column-has-shadow fusion-flex-justify-content-flex-start fusion-content-layout-column\"><div class=\"fusion-title title fusion-title-2 fusion-sep-none fusion-title-center fusion-title-text fusion-title-size-two\" style=\"--awb-margin-top-small:10px;--awb-margin-right-small:0px;--awb-margin-bottom-small:20px;--awb-margin-left-small:0px;\"><h2 class=\"fusion-title-heading title-heading-center fusion-responsive-typography-calculated\" style=\"margin:0;--fontSize:48;line-height:1.2;\">Mednarodne konference<\/h2><\/div><div class=\"fusion-recent-posts fusion-recent-posts-2 avada-container layout-default layout-columns-3\"><section class=\"fusion-columns columns fusion-columns-3 columns-3\"><article class=\"post fusion-column column col col-lg-4 col-md-4 col-sm-4\"><div class=\"fusion-flexslider fusion-flexslider-loading flexslider flexslider-hover-type-zoomin\"><ul class=\"slides\"><li><a href=\"https:\/\/pedagogi.si\/index.php\/2023\/11\/22\/mednarodna-konferenca-univerza-in-njene-prihodnosti\/\" aria-label=\"Mednarodna konferenca \u00bbUniverza in njene prihodnosti\u00ab\" class=\"hover-type-zoomin\"><img decoding=\"async\" width=\"2560\" height=\"1707\" src=\"https:\/\/pedagogi.si\/wp-content\/uploads\/2023\/11\/Predavanje-scaled.jpg\" class=\"attachment-full size-full lazyload\" alt=\"\" srcset=\"data:image\/svg+xml,%3Csvg%20xmlns%3D%27http%3A%2F%2Fwww.w3.org%2F2000%2Fsvg%27%20width%3D%272560%27%20height%3D%271707%27%20viewBox%3D%270%200%202560%201707%27%3E%3Crect%20width%3D%272560%27%20height%3D%271707%27%20fill-opacity%3D%220%22%2F%3E%3C%2Fsvg%3E\" data-orig-src=\"https:\/\/pedagogi.si\/wp-content\/uploads\/2023\/11\/Predavanje-scaled.jpg\" data-srcset=\"https:\/\/pedagogi.si\/wp-content\/uploads\/2023\/11\/Predavanje-200x133.jpg 200w, https:\/\/pedagogi.si\/wp-content\/uploads\/2023\/11\/Predavanje-400x267.jpg 400w, https:\/\/pedagogi.si\/wp-content\/uploads\/2023\/11\/Predavanje-600x400.jpg 600w, https:\/\/pedagogi.si\/wp-content\/uploads\/2023\/11\/Predavanje-800x533.jpg 800w, https:\/\/pedagogi.si\/wp-content\/uploads\/2023\/11\/Predavanje-1200x800.jpg 1200w, https:\/\/pedagogi.si\/wp-content\/uploads\/2023\/11\/Predavanje-scaled.jpg 2560w\" data-sizes=\"auto\" \/><\/a><\/li><\/ul><\/div><div class=\"recent-posts-content\"><span class=\"vcard\" style=\"display: none;\"><span class=\"fn\"><a href=\"https:\/\/pedagogi.si\/index.php\/author\/pedago71\/\" title=\"Prispevki od admin\" rel=\"author\">admin<\/a><\/span><\/span><span class=\"updated\" style=\"display:none;\">2024-04-17T11:48:15+00:00<\/span><h4 class=\"entry-title\"><a href=\"https:\/\/pedagogi.si\/index.php\/2023\/11\/22\/mednarodna-konferenca-univerza-in-njene-prihodnosti\/\">Mednarodna konferenca \u00bbUniverza in njene prihodnosti\u00ab<\/a><\/h4><p class=\"meta\"><span class=\"vcard\" style=\"display: none;\"><span class=\"fn\"><a href=\"https:\/\/pedagogi.si\/index.php\/author\/pedago71\/\" title=\"Prispevki od admin\" rel=\"author\">admin<\/a><\/span><\/span><span class=\"updated\" style=\"display:none;\">2024-04-17T11:48:15+00:00<\/span><span>22 novembra, 2023<\/span><span class=\"fusion-inline-sep\">|<\/span><\/p><p>Celodnevna mednarodna konferenca \"Univerza in njene prihodnosti\"<\/p><\/div><\/article><\/section><\/div><\/div><\/div><\/div><\/div>\n","protected":false},"excerpt":{"rendered":"","protected":false},"author":1,"featured_media":0,"parent":0,"menu_order":0,"comment_status":"closed","ping_status":"closed","template":"100-width.php","meta":{"footnotes":""},"class_list":["post-2471","page","type-page","status-publish","hentry"],"_links":{"self":[{"href":"https:\/\/pedagogi.si\/index.php\/wp-json\/wp\/v2\/pages\/2471","targetHints":{"allow":["GET"]}}],"collection":[{"href":"https:\/\/pedagogi.si\/index.php\/wp-json\/wp\/v2\/pages"}],"about":[{"href":"https:\/\/pedagogi.si\/index.php\/wp-json\/wp\/v2\/types\/page"}],"author":[{"embeddable":true,"href":"https:\/\/pedagogi.si\/index.php\/wp-json\/wp\/v2\/users\/1"}],"replies":[{"embeddable":true,"href":"https:\/\/pedagogi.si\/index.php\/wp-json\/wp\/v2\/comments?post=2471"}],"version-history":[{"count":14,"href":"https:\/\/pedagogi.si\/index.php\/wp-json\/wp\/v2\/pages\/2471\/revisions"}],"predecessor-version":[{"id":2784,"href":"https:\/\/pedagogi.si\/index.php\/wp-json\/wp\/v2\/pages\/2471\/revisions\/2784"}],"wp:attachment":[{"href":"https:\/\/pedagogi.si\/index.php\/wp-json\/wp\/v2\/media?parent=2471"}],"curies":[{"name":"wp","href":"https:\/\/api.w.org\/{rel}","templated":true}]}}