{"id":2322,"date":"2020-08-19T16:08:38","date_gmt":"2020-08-19T16:08:38","guid":{"rendered":"https:\/\/avadawebsites.wpengine.com\/accountant\/?page_id=4"},"modified":"2024-04-17T11:52:14","modified_gmt":"2024-04-17T11:52:14","slug":"accountant-home","status":"publish","type":"page","link":"https:\/\/pedagogi.si\/","title":{"rendered":"Domov"},"content":{"rendered":"<p><div class=\"fusion-fullwidth fullwidth-box fusion-builder-row-1 fusion-flex-container nonhundred-percent-fullwidth non-hundred-percent-height-scrolling\" style=\"--awb-border-radius-top-left:0px;--awb-border-radius-top-right:0px;--awb-border-radius-bottom-right:0px;--awb-border-radius-bottom-left:0px;--awb-padding-top:80px;--awb-padding-bottom:80px;--awb-padding-bottom-medium:80px;--awb-padding-top-small:24px;--awb-padding-bottom-small:32px;--awb-margin-bottom:0px;--awb-background-color:var(--awb-color2);--awb-flex-wrap:wrap;\" ><div class=\"fusion-builder-row fusion-row fusion-flex-align-items-center fusion-flex-content-wrap\" style=\"max-width:1310.4px;margin-left: calc(-4% \/ 2 );margin-right: calc(-4% \/ 2 );\"><div class=\"fusion-layout-column fusion_builder_column fusion-builder-column-0 fusion_builder_column_1_2 1_2 fusion-flex-column fusion-flex-align-self-flex-start\" style=\"--awb-bg-size:cover;--awb-width-large:50%;--awb-margin-top-large:4px;--awb-spacing-right-large:2.496%;--awb-margin-bottom-large:0px;--awb-spacing-left-large:4.224%;--awb-width-medium:60%;--awb-order-medium:0;--awb-spacing-right-medium:2.08%;--awb-spacing-left-medium:3.52%;--awb-width-small:100%;--awb-order-small:0;--awb-spacing-right-small:1.92%;--awb-spacing-left-small:1.92%;\"><div class=\"fusion-column-wrapper fusion-column-has-shadow fusion-flex-justify-content-center fusion-content-layout-column\"><div class=\"fusion-title title fusion-title-1 fusion-sep-none fusion-title-text fusion-title-size-two\" style=\"--awb-margin-top:0px;--awb-margin-top-small:10px;--awb-margin-right-small:0px;--awb-margin-bottom-small:20px;--awb-margin-left-small:0px;\"><h2 class=\"fusion-title-heading title-heading-left fusion-responsive-typography-calculated\" style=\"margin:0;--fontSize:48;line-height:1.2;\">Opis projekta<\/h2><\/div><div class=\"fusion-text fusion-text-1\" style=\"--awb-content-alignment:justify;\"><p>Projekt \u00bb<em>Posodobitev pedago\u0161kih \u0161tudijskih programov \u2013 Posodobitev P\u0160P NOO<\/em>\u00ab, ki poteka v okviru Na\u010drta za okrevanje in odpornost, izvaja konzorcij Univerze v Ljubljani, Univerze v Mariboru in Univerze na Primorskem. V projektu sodelujejo vse \u010dlanice, ki izvajajo pedago\u0161ke \u0161tudijske programe. Cilj projekta je pripraviti ustrezen kompeten\u010dni okvir pedago\u0161kih delavcev s poudarkom na digitalnih kompetencah in kompetencah za trajnostni razvoj. Na podlagi kompeten\u010dnega okvira se bo oblikovalo, izvedlo in evalviralo najmanj 92 pilotnih projektov, s katerimi se bodo posodobili pedago\u0161ki \u0161tudijski programi s kompetencami, pomembnimi za soo\u010danje z aktualnimi izzivi in izzivi prihodnosti.<\/p>\n<\/div><\/div><\/div><div class=\"fusion-layout-column fusion_builder_column fusion-builder-column-1 fusion_builder_column_1_2 1_2 fusion-flex-column fusion-column-inner-bg-wrapper fusion-column-liftup-border\" style=\"--awb-inner-bg-position:center top;--awb-inner-bg-size:cover;--awb-width-large:50%;--awb-margin-top-large:10px;--awb-spacing-right-large:3.84%;--awb-margin-bottom-large:10px;--awb-spacing-left-large:3.84%;--awb-width-medium:40%;--awb-order-medium:0;--awb-spacing-right-medium:4.8%;--awb-spacing-left-medium:4.8%;--awb-width-small:100%;--awb-order-small:0;--awb-spacing-right-small:1.92%;--awb-spacing-left-small:1.92%;\"><span class=\"fusion-column-inner-bg hover-type-liftup\"><span class=\"fusion-column-anchor\"><span class=\"fusion-column-inner-bg-image\"><\/span><\/span><\/span><div class=\"fusion-column-wrapper fusion-flex-justify-content-flex-start fusion-content-layout-column\"><div class=\"fusion-image-element \" style=\"--awb-aspect-ratio: 100 \/ 83;--awb-caption-title-font-family:var(--h2_typography-font-family);--awb-caption-title-font-weight:var(--h2_typography-font-weight);--awb-caption-title-font-style:var(--h2_typography-font-style);--awb-caption-title-size:var(--h2_typography-font-size);--awb-caption-title-transform:var(--h2_typography-text-transform);--awb-caption-title-line-height:var(--h2_typography-line-height);--awb-caption-title-letter-spacing:var(--h2_typography-letter-spacing);\"><span class=\" fusion-imageframe imageframe-none imageframe-1 hover-type-none has-aspect-ratio\" style=\"border-radius:12px;\"><img decoding=\"async\" width=\"2560\" height=\"1707\" title=\"Dialog\" src=\"https:\/\/pedagogi.si\/wp-content\/uploads\/2024\/04\/Dialog-scaled.jpg\" data-orig-src=\"https:\/\/pedagogi.si\/wp-content\/uploads\/2024\/04\/Dialog-scaled.jpg\" class=\"lazyload img-responsive wp-image-3180 img-with-aspect-ratio\" data-parent-fit=\"cover\" data-parent-container=\".fusion-image-element\" alt srcset=\"data:image\/svg+xml,%3Csvg%20xmlns%3D%27http%3A%2F%2Fwww.w3.org%2F2000%2Fsvg%27%20width%3D%272560%27%20height%3D%271707%27%20viewBox%3D%270%200%202560%201707%27%3E%3Crect%20width%3D%272560%27%20height%3D%271707%27%20fill-opacity%3D%220%22%2F%3E%3C%2Fsvg%3E\" data-srcset=\"https:\/\/pedagogi.si\/wp-content\/uploads\/2024\/04\/Dialog-200x133.jpg 200w, https:\/\/pedagogi.si\/wp-content\/uploads\/2024\/04\/Dialog-400x267.jpg 400w, https:\/\/pedagogi.si\/wp-content\/uploads\/2024\/04\/Dialog-600x400.jpg 600w, https:\/\/pedagogi.si\/wp-content\/uploads\/2024\/04\/Dialog-800x533.jpg 800w, https:\/\/pedagogi.si\/wp-content\/uploads\/2024\/04\/Dialog-1200x800.jpg 1200w, https:\/\/pedagogi.si\/wp-content\/uploads\/2024\/04\/Dialog-scaled.jpg 2560w\" data-sizes=\"auto\" data-orig-sizes=\"(max-width: 640px) 100vw, 600px\" \/><\/span><\/div><\/div><\/div><\/div><\/div><div class=\"fusion-fullwidth fullwidth-box fusion-builder-row-2 fusion-flex-container nonhundred-percent-fullwidth non-hundred-percent-height-scrolling\" style=\"--awb-border-radius-top-left:0px;--awb-border-radius-top-right:0px;--awb-border-radius-bottom-right:0px;--awb-border-radius-bottom-left:0px;--awb-padding-top:80px;--awb-padding-bottom:80px;--awb-padding-bottom-medium:80px;--awb-padding-top-small:24px;--awb-padding-bottom-small:32px;--awb-margin-bottom:0px;--awb-background-color:var(--awb-color1);--awb-flex-wrap:wrap;\" ><div class=\"fusion-builder-row fusion-row fusion-flex-align-items-center fusion-flex-content-wrap\" style=\"max-width:1310.4px;margin-left: calc(-4% \/ 2 );margin-right: calc(-4% \/ 2 );\"><div class=\"fusion-layout-column fusion_builder_column fusion-builder-column-2 fusion_builder_column_1_2 1_2 fusion-flex-column fusion-column-inner-bg-wrapper fusion-column-liftup-border\" style=\"--awb-inner-bg-position:center top;--awb-inner-bg-size:cover;--awb-width-large:50%;--awb-margin-top-large:10px;--awb-spacing-right-large:3.84%;--awb-margin-bottom-large:10px;--awb-spacing-left-large:3.84%;--awb-width-medium:40%;--awb-order-medium:0;--awb-spacing-right-medium:4.8%;--awb-spacing-left-medium:4.8%;--awb-width-small:100%;--awb-order-small:0;--awb-spacing-right-small:1.92%;--awb-spacing-left-small:1.92%;\"><span class=\"fusion-column-inner-bg hover-type-liftup\"><span class=\"fusion-column-anchor\"><span class=\"fusion-column-inner-bg-image\"><\/span><\/span><\/span><div class=\"fusion-column-wrapper fusion-flex-justify-content-flex-start fusion-content-layout-column\"><div class=\"fusion-image-element \" style=\"--awb-aspect-ratio: 100 \/ 83;--awb-caption-title-font-family:var(--h2_typography-font-family);--awb-caption-title-font-weight:var(--h2_typography-font-weight);--awb-caption-title-font-style:var(--h2_typography-font-style);--awb-caption-title-size:var(--h2_typography-font-size);--awb-caption-title-transform:var(--h2_typography-text-transform);--awb-caption-title-line-height:var(--h2_typography-line-height);--awb-caption-title-letter-spacing:var(--h2_typography-letter-spacing);\"><span class=\" fusion-imageframe imageframe-none imageframe-2 hover-type-none has-aspect-ratio\" style=\"border-radius:12px;\"><img decoding=\"async\" width=\"2560\" height=\"1707\" title=\"Mednarodna konferenca Univerza in njene prihodnosti\" src=\"https:\/\/pedagogi.si\/wp-content\/uploads\/2023\/11\/Mednarodna-konferenca-Univerza-in-njene-prihodnosti-scaled.jpg\" data-orig-src=\"https:\/\/pedagogi.si\/wp-content\/uploads\/2023\/11\/Mednarodna-konferenca-Univerza-in-njene-prihodnosti-scaled.jpg\" class=\"lazyload img-responsive wp-image-2750 img-with-aspect-ratio\" data-parent-fit=\"cover\" data-parent-container=\".fusion-image-element\" alt srcset=\"data:image\/svg+xml,%3Csvg%20xmlns%3D%27http%3A%2F%2Fwww.w3.org%2F2000%2Fsvg%27%20width%3D%272560%27%20height%3D%271707%27%20viewBox%3D%270%200%202560%201707%27%3E%3Crect%20width%3D%272560%27%20height%3D%271707%27%20fill-opacity%3D%220%22%2F%3E%3C%2Fsvg%3E\" data-srcset=\"https:\/\/pedagogi.si\/wp-content\/uploads\/2023\/11\/Mednarodna-konferenca-Univerza-in-njene-prihodnosti-200x133.jpg 200w, https:\/\/pedagogi.si\/wp-content\/uploads\/2023\/11\/Mednarodna-konferenca-Univerza-in-njene-prihodnosti-400x267.jpg 400w, https:\/\/pedagogi.si\/wp-content\/uploads\/2023\/11\/Mednarodna-konferenca-Univerza-in-njene-prihodnosti-600x400.jpg 600w, https:\/\/pedagogi.si\/wp-content\/uploads\/2023\/11\/Mednarodna-konferenca-Univerza-in-njene-prihodnosti-800x533.jpg 800w, https:\/\/pedagogi.si\/wp-content\/uploads\/2023\/11\/Mednarodna-konferenca-Univerza-in-njene-prihodnosti-1200x800.jpg 1200w, https:\/\/pedagogi.si\/wp-content\/uploads\/2023\/11\/Mednarodna-konferenca-Univerza-in-njene-prihodnosti-scaled.jpg 2560w\" data-sizes=\"auto\" data-orig-sizes=\"(max-width: 640px) 100vw, 600px\" \/><\/span><\/div><\/div><\/div><div class=\"fusion-layout-column fusion_builder_column fusion-builder-column-3 fusion_builder_column_1_2 1_2 fusion-flex-column fusion-flex-align-self-flex-start\" style=\"--awb-bg-size:cover;--awb-width-large:50%;--awb-margin-top-large:4px;--awb-spacing-right-large:2.496%;--awb-margin-bottom-large:0px;--awb-spacing-left-large:4.224%;--awb-width-medium:60%;--awb-order-medium:0;--awb-spacing-right-medium:2.08%;--awb-spacing-left-medium:3.52%;--awb-width-small:100%;--awb-order-small:0;--awb-spacing-right-small:1.92%;--awb-spacing-left-small:1.92%;\"><div class=\"fusion-column-wrapper fusion-column-has-shadow fusion-flex-justify-content-center fusion-content-layout-column\"><div class=\"fusion-title title fusion-title-2 fusion-sep-none fusion-title-text fusion-title-size-two\" style=\"--awb-margin-top:0px;--awb-margin-top-small:10px;--awb-margin-right-small:0px;--awb-margin-bottom-small:20px;--awb-margin-left-small:0px;\"><h2 class=\"fusion-title-heading title-heading-left fusion-responsive-typography-calculated\" style=\"margin:0;--fontSize:48;line-height:1.2;\">Kompeten\u010dni profil<\/h2><\/div><div class=\"fusion-text fusion-text-2\" style=\"--awb-content-alignment:justify;\"><p>Cilj projekta je pripraviti kompeten\u010dni okvir prihodnjega pedago\u0161kega delavca, s poudarkom na digitalnih kompetencah in kompetencah za trajnostni razvoj, ki bo slu\u017eil kot podlaga za analizo obstoje\u010dih pedago\u0161kih programov in za oblikovanje, izvedbo ter pilotnih projektov posodobitve pedago\u0161kih programov.<\/p>\n<\/div><\/div><\/div><\/div><\/div><div class=\"fusion-fullwidth fullwidth-box fusion-builder-row-3 fusion-flex-container nonhundred-percent-fullwidth non-hundred-percent-height-scrolling\" style=\"--awb-border-radius-top-left:0px;--awb-border-radius-top-right:0px;--awb-border-radius-bottom-right:0px;--awb-border-radius-bottom-left:0px;--awb-padding-top:80px;--awb-padding-bottom:80px;--awb-padding-bottom-medium:80px;--awb-padding-top-small:24px;--awb-padding-bottom-small:32px;--awb-margin-bottom:0px;--awb-background-color:var(--awb-color2);--awb-flex-wrap:wrap;\" ><div class=\"fusion-builder-row fusion-row fusion-flex-align-items-center fusion-flex-content-wrap\" style=\"max-width:1310.4px;margin-left: calc(-4% \/ 2 );margin-right: calc(-4% \/ 2 );\"><div class=\"fusion-layout-column fusion_builder_column fusion-builder-column-4 fusion_builder_column_1_1 1_1 fusion-flex-column\" style=\"--awb-bg-size:cover;--awb-width-large:100%;--awb-margin-top-large:20px;--awb-spacing-right-large:1.92%;--awb-margin-bottom-large:20px;--awb-spacing-left-large:1.92%;--awb-width-medium:100%;--awb-order-medium:0;--awb-spacing-right-medium:1.92%;--awb-spacing-left-medium:1.92%;--awb-width-small:100%;--awb-order-small:0;--awb-spacing-right-small:1.92%;--awb-spacing-left-small:1.92%;\"><div class=\"fusion-column-wrapper fusion-column-has-shadow fusion-flex-justify-content-flex-start fusion-content-layout-column\"><div class=\"fusion-title title fusion-title-3 fusion-sep-none fusion-title-center fusion-title-text fusion-title-size-two\" style=\"--awb-margin-top-small:10px;--awb-margin-right-small:0px;--awb-margin-bottom-small:20px;--awb-margin-left-small:0px;\"><h2 class=\"fusion-title-heading title-heading-center fusion-responsive-typography-calculated\" style=\"margin:0;--fontSize:48;line-height:1.2;\">Dogodki<\/h2><\/div><div class=\"fusion-recent-posts fusion-recent-posts-1 avada-container layout-default layout-columns-3\"><section class=\"fusion-columns columns fusion-columns-3 columns-3\"><article class=\"post fusion-column column col col-lg-4 col-md-4 col-sm-4\"><div class=\"fusion-flexslider fusion-flexslider-loading flexslider flexslider-hover-type-none\"><ul class=\"slides\"><li><a href=\"https:\/\/pedagogi.si\/index.php\/2025\/10\/13\/okrogla-miza\/\" aria-label=\"OKROGLA MIZA: Odprta vpra\u0161anja prenove \u0161tudijskih programov za izobra\u017eevanje u\u010diteljev\" class=\"hover-type-none\"><img decoding=\"async\" width=\"586\" height=\"441\" src=\"data:image\/svg+xml,%3Csvg%20xmlns%3D%27http%3A%2F%2Fwww.w3.org%2F2000%2Fsvg%27%20width%3D%272560%27%20height%3D%271928%27%20viewBox%3D%270%200%202560%201928%27%3E%3Crect%20width%3D%272560%27%20height%3D%271928%27%20fill-opacity%3D%220%22%2F%3E%3C%2Fsvg%3E\" class=\"attachment-recent-posts size-recent-posts lazyload\" alt=\"\" data-orig-src=\"https:\/\/pedagogi.si\/wp-content\/uploads\/upf-docs\/usr4_1759740958_Okrogla-miza_PSPNOO_5-scaled.jpg\" \/><\/a><\/li><\/ul><\/div><div class=\"recent-posts-content\"><span class=\"vcard\" style=\"display: none;\"><span class=\"fn\"><a href=\"https:\/\/pedagogi.si\/index.php\/author\/pedago71\/\" title=\"Prispevki od admin\" rel=\"author\">admin<\/a><\/span><\/span><span class=\"updated\" style=\"display:none;\">2025-10-13T16:34:00+00:00<\/span><h4 class=\"entry-title\"><a href=\"https:\/\/pedagogi.si\/index.php\/2025\/10\/13\/okrogla-miza\/\">OKROGLA MIZA: Odprta vpra\u0161anja prenove \u0161tudijskih programov za izobra\u017eevanje u\u010diteljev<\/a><\/h4><p class=\"meta\"><span class=\"vcard\" style=\"display: none;\"><span class=\"fn\"><a href=\"https:\/\/pedagogi.si\/index.php\/author\/pedago71\/\" title=\"Prispevki od admin\" rel=\"author\">admin<\/a><\/span><\/span><span class=\"updated\" style=\"display:none;\">2025-10-13T16:34:00+00:00<\/span><span>13 oktobra, 2025<\/span><span class=\"fusion-inline-sep\">|<\/span><\/p><p>OKROGLA MIZA: Odprta vpra\u0161anja prenove \u0161tudijskih programov za izobra\u017eevanje u\u010diteljev<\/p><\/div><\/article><article class=\"post fusion-column column col col-lg-4 col-md-4 col-sm-4\"><div class=\"fusion-flexslider fusion-flexslider-loading flexslider flexslider-hover-type-none\"><ul class=\"slides\"><li><a href=\"https:\/\/pedagogi.si\/index.php\/2024\/02\/05\/javna-razprava-o-kompetencnem-profilu-svetovalnega-delavca\/\" aria-label=\"Javna razprava o kompeten\u010dnem profilu svetovalnega delavca\" class=\"hover-type-none\"><img decoding=\"async\" width=\"700\" height=\"441\" src=\"https:\/\/pedagogi.si\/wp-content\/uploads\/2024\/03\/Javna-razprava-o-KP-svetovalnega-delavca-1-700x441.jpg\" class=\"attachment-recent-posts size-recent-posts lazyload\" alt=\"\" srcset=\"data:image\/svg+xml,%3Csvg%20xmlns%3D%27http%3A%2F%2Fwww.w3.org%2F2000%2Fsvg%27%20width%3D%272560%27%20height%3D%271613%27%20viewBox%3D%270%200%202560%201613%27%3E%3Crect%20width%3D%272560%27%20height%3D%271613%27%20fill-opacity%3D%220%22%2F%3E%3C%2Fsvg%3E\" data-orig-src=\"https:\/\/pedagogi.si\/wp-content\/uploads\/2024\/03\/Javna-razprava-o-KP-svetovalnega-delavca-1-700x441.jpg\" data-srcset=\"https:\/\/pedagogi.si\/wp-content\/uploads\/2024\/03\/Javna-razprava-o-KP-svetovalnega-delavca-1-200x126.jpg 200w, https:\/\/pedagogi.si\/wp-content\/uploads\/2024\/03\/Javna-razprava-o-KP-svetovalnega-delavca-1-300x189.jpg 300w, https:\/\/pedagogi.si\/wp-content\/uploads\/2024\/03\/Javna-razprava-o-KP-svetovalnega-delavca-1-320x202.jpg 320w, https:\/\/pedagogi.si\/wp-content\/uploads\/2024\/03\/Javna-razprava-o-KP-svetovalnega-delavca-1-400x252.jpg 400w, https:\/\/pedagogi.si\/wp-content\/uploads\/2024\/03\/Javna-razprava-o-KP-svetovalnega-delavca-1-600x378.jpg 600w, https:\/\/pedagogi.si\/wp-content\/uploads\/2024\/03\/Javna-razprava-o-KP-svetovalnega-delavca-1-700x441.jpg 700w, https:\/\/pedagogi.si\/wp-content\/uploads\/2024\/03\/Javna-razprava-o-KP-svetovalnega-delavca-1-768x484.jpg 768w, https:\/\/pedagogi.si\/wp-content\/uploads\/2024\/03\/Javna-razprava-o-KP-svetovalnega-delavca-1-800x504.jpg 800w, https:\/\/pedagogi.si\/wp-content\/uploads\/2024\/03\/Javna-razprava-o-KP-svetovalnega-delavca-1-1024x645.jpg 1024w, https:\/\/pedagogi.si\/wp-content\/uploads\/2024\/03\/Javna-razprava-o-KP-svetovalnega-delavca-1-1200x756.jpg 1200w, https:\/\/pedagogi.si\/wp-content\/uploads\/2024\/03\/Javna-razprava-o-KP-svetovalnega-delavca-1-1536x968.jpg 1536w\" data-sizes=\"auto\" \/><\/a><\/li><\/ul><\/div><div class=\"recent-posts-content\"><span class=\"vcard\" style=\"display: none;\"><span class=\"fn\"><a href=\"https:\/\/pedagogi.si\/index.php\/author\/pedago71\/\" title=\"Prispevki od admin\" rel=\"author\">admin<\/a><\/span><\/span><span class=\"updated\" style=\"display:none;\">2024-03-13T09:00:44+00:00<\/span><h4 class=\"entry-title\"><a href=\"https:\/\/pedagogi.si\/index.php\/2024\/02\/05\/javna-razprava-o-kompetencnem-profilu-svetovalnega-delavca\/\">Javna razprava o kompeten\u010dnem profilu svetovalnega delavca<\/a><\/h4><p class=\"meta\"><span class=\"vcard\" style=\"display: none;\"><span class=\"fn\"><a href=\"https:\/\/pedagogi.si\/index.php\/author\/pedago71\/\" title=\"Prispevki od admin\" rel=\"author\">admin<\/a><\/span><\/span><span class=\"updated\" style=\"display:none;\">2024-03-13T09:00:44+00:00<\/span><span>5 februarja, 2024<\/span><span class=\"fusion-inline-sep\">|<\/span><\/p><p>Javna razprava o kompeten\u010dnem profilu svetovalnega delavca<\/p><\/div><\/article><article class=\"post fusion-column column col col-lg-4 col-md-4 col-sm-4\"><div class=\"fusion-flexslider fusion-flexslider-loading flexslider flexslider-hover-type-none\"><ul class=\"slides\"><li><a href=\"https:\/\/pedagogi.si\/index.php\/2024\/02\/02\/javna-razprava-o-kompetencnem-profilu-ucitelja-predmetnega-pouka\/\" aria-label=\"Javna razprava o kompeten\u010dnem profilu u\u010ditelja predmetnega pouka\" class=\"hover-type-none\"><img decoding=\"async\" width=\"700\" height=\"441\" src=\"https:\/\/pedagogi.si\/wp-content\/uploads\/2024\/02\/Javna_razprava_pef-700x441.jpg\" class=\"attachment-recent-posts size-recent-posts lazyload\" alt=\"\" srcset=\"data:image\/svg+xml,%3Csvg%20xmlns%3D%27http%3A%2F%2Fwww.w3.org%2F2000%2Fsvg%27%20width%3D%272560%27%20height%3D%271920%27%20viewBox%3D%270%200%202560%201920%27%3E%3Crect%20width%3D%272560%27%20height%3D%271920%27%20fill-opacity%3D%220%22%2F%3E%3C%2Fsvg%3E\" data-orig-src=\"https:\/\/pedagogi.si\/wp-content\/uploads\/2024\/02\/Javna_razprava_pef-700x441.jpg\" data-srcset=\"https:\/\/pedagogi.si\/wp-content\/uploads\/2024\/02\/Javna_razprava_pef-320x202.jpg 320w, https:\/\/pedagogi.si\/wp-content\/uploads\/2024\/02\/Javna_razprava_pef-700x441.jpg 700w\" data-sizes=\"auto\" \/><\/a><\/li><\/ul><\/div><div class=\"recent-posts-content\"><span class=\"vcard\" style=\"display: none;\"><span class=\"fn\"><a href=\"https:\/\/pedagogi.si\/index.php\/author\/pedago71\/\" title=\"Prispevki od admin\" rel=\"author\">admin<\/a><\/span><\/span><span class=\"updated\" style=\"display:none;\">2024-03-13T13:25:44+00:00<\/span><h4 class=\"entry-title\"><a href=\"https:\/\/pedagogi.si\/index.php\/2024\/02\/02\/javna-razprava-o-kompetencnem-profilu-ucitelja-predmetnega-pouka\/\">Javna razprava o kompeten\u010dnem profilu u\u010ditelja predmetnega pouka<\/a><\/h4><p class=\"meta\"><span class=\"vcard\" style=\"display: none;\"><span class=\"fn\"><a href=\"https:\/\/pedagogi.si\/index.php\/author\/pedago71\/\" title=\"Prispevki od admin\" rel=\"author\">admin<\/a><\/span><\/span><span class=\"updated\" style=\"display:none;\">2024-03-13T13:25:44+00:00<\/span><span>2 februarja, 2024<\/span><span class=\"fusion-inline-sep\">|<\/span><\/p><p>Javna razprava o kompeten\u010dnem profilu u\u010ditelja predmetnega pouka<\/p><\/div><\/article><article class=\"post fusion-column column col col-lg-4 col-md-4 col-sm-4\"><div class=\"fusion-flexslider fusion-flexslider-loading flexslider flexslider-hover-type-none\"><ul class=\"slides\"><li><a href=\"https:\/\/pedagogi.si\/index.php\/2024\/01\/29\/javna-razprava-o-kompetencnem-profilu-ucitelja-razrednega-pouka\/\" aria-label=\"Javna razprava o kompeten\u010dnem profilu u\u010ditelja razrednega pouka\" class=\"hover-type-none\"><img decoding=\"async\" width=\"700\" height=\"441\" src=\"https:\/\/pedagogi.si\/wp-content\/uploads\/2024\/03\/Slika_Javna-razprava-Razredni-pouk-1-700x441.jpg\" class=\"attachment-recent-posts size-recent-posts lazyload\" alt=\"\" srcset=\"data:image\/svg+xml,%3Csvg%20xmlns%3D%27http%3A%2F%2Fwww.w3.org%2F2000%2Fsvg%27%20width%3D%272560%27%20height%3D%271509%27%20viewBox%3D%270%200%202560%201509%27%3E%3Crect%20width%3D%272560%27%20height%3D%271509%27%20fill-opacity%3D%220%22%2F%3E%3C%2Fsvg%3E\" data-orig-src=\"https:\/\/pedagogi.si\/wp-content\/uploads\/2024\/03\/Slika_Javna-razprava-Razredni-pouk-1-700x441.jpg\" data-srcset=\"https:\/\/pedagogi.si\/wp-content\/uploads\/2024\/03\/Slika_Javna-razprava-Razredni-pouk-1-320x202.jpg 320w, https:\/\/pedagogi.si\/wp-content\/uploads\/2024\/03\/Slika_Javna-razprava-Razredni-pouk-1-700x441.jpg 700w\" data-sizes=\"auto\" \/><\/a><\/li><\/ul><\/div><div class=\"recent-posts-content\"><span class=\"vcard\" style=\"display: none;\"><span class=\"fn\"><a href=\"https:\/\/pedagogi.si\/index.php\/author\/pedago71\/\" title=\"Prispevki od admin\" rel=\"author\">admin<\/a><\/span><\/span><span class=\"updated\" style=\"display:none;\">2024-03-13T09:00:25+00:00<\/span><h4 class=\"entry-title\"><a href=\"https:\/\/pedagogi.si\/index.php\/2024\/01\/29\/javna-razprava-o-kompetencnem-profilu-ucitelja-razrednega-pouka\/\">Javna razprava o kompeten\u010dnem profilu u\u010ditelja razrednega pouka<\/a><\/h4><p class=\"meta\"><span class=\"vcard\" style=\"display: none;\"><span class=\"fn\"><a href=\"https:\/\/pedagogi.si\/index.php\/author\/pedago71\/\" title=\"Prispevki od admin\" rel=\"author\">admin<\/a><\/span><\/span><span class=\"updated\" style=\"display:none;\">2024-03-13T09:00:25+00:00<\/span><span>29 januarja, 2024<\/span><span class=\"fusion-inline-sep\">|<\/span><\/p><p>Javna razprava o kompeten\u010dnem profilu u\u010ditelja razrednega pouka<\/p><\/div><\/article><\/section><\/div><\/div><\/div><\/div><\/div><\/p>\n","protected":false},"excerpt":{"rendered":"","protected":false},"author":1,"featured_media":0,"parent":0,"menu_order":0,"comment_status":"closed","ping_status":"closed","template":"100-width.php","meta":{"footnotes":""},"class_list":["post-2322","page","type-page","status-publish","hentry"],"_links":{"self":[{"href":"https:\/\/pedagogi.si\/index.php\/wp-json\/wp\/v2\/pages\/2322","targetHints":{"allow":["GET"]}}],"collection":[{"href":"https:\/\/pedagogi.si\/index.php\/wp-json\/wp\/v2\/pages"}],"about":[{"href":"https:\/\/pedagogi.si\/index.php\/wp-json\/wp\/v2\/types\/page"}],"author":[{"embeddable":true,"href":"https:\/\/pedagogi.si\/index.php\/wp-json\/wp\/v2\/users\/1"}],"replies":[{"embeddable":true,"href":"https:\/\/pedagogi.si\/index.php\/wp-json\/wp\/v2\/comments?post=2322"}],"version-history":[{"count":57,"href":"https:\/\/pedagogi.si\/index.php\/wp-json\/wp\/v2\/pages\/2322\/revisions"}],"predecessor-version":[{"id":3181,"href":"https:\/\/pedagogi.si\/index.php\/wp-json\/wp\/v2\/pages\/2322\/revisions\/3181"}],"wp:attachment":[{"href":"https:\/\/pedagogi.si\/index.php\/wp-json\/wp\/v2\/media?parent=2322"}],"curies":[{"name":"wp","href":"https:\/\/api.w.org\/{rel}","templated":true}]}}